{"id":11,"date":"2018-03-22T17:06:37","date_gmt":"2018-03-22T17:06:37","guid":{"rendered":"https:\/\/elasticnou.cat\/temporal\/?page_id=11"},"modified":"2019-02-14T20:20:36","modified_gmt":"2019-02-14T20:20:36","slug":"qui-som","status":"publish","type":"page","link":"https:\/\/elasticnou.cat\/?page_id=11","title":{"rendered":"QUI SOM?"},"content":{"rendered":"<p>[vc_row css_animation=&#8221;&#8221; row_type=&#8221;row&#8221; use_row_as_full_screen_section=&#8221;no&#8221; type=&#8221;grid&#8221; angled_section=&#8221;no&#8221; text_align=&#8221;left&#8221; background_image_as_pattern=&#8221;without_pattern&#8221; background_color=&#8221;#eba128&#8243; z_index=&#8221;&#8221;][vc_column][vc_separator type=&#8221;transparent&#8221; up=&#8221;40&#8243; down=&#8221;40&#8243;][vc_column_text css=&#8221;.vc_custom_1540157353191{border-left-width: 10px !important;padding-left: 20px !important;border-left-color: #ffffff !important;border-left-style: solid !important;}&#8221;]<\/p>\n<h1>La nostra hist\u00f2ria<\/h1>\n<h2>El\u00e0stic Nou Produccions<\/h2>\n<p>[\/vc_column_text][vc_separator type=&#8221;transparent&#8221; up=&#8221;20&#8243; down=&#8221;20&#8243;][vc_row_inner row_type=&#8221;row&#8221; type=&#8221;full_width&#8221; text_align=&#8221;left&#8221; css_animation=&#8221;&#8221;][vc_column_inner][vc_column_text css=&#8221;.vc_custom_1523370605978{border-right-width: 5px !important;padding-right: 20px !important;border-right-color: #ffffff !important;border-right-style: solid !important;}&#8221;]<\/p>\n<h5 style=\"text-align: right;\">Productora de teatre professional creada l\u2019any 1995 amb m\u00e9s de vint anys de traject\u00f2ria que ha realitzat produccions tant d\u2019autors contemporanis nacionals com d\u2019internacionals. Alguns d\u2019ells s\u00f3n Claudio Lizza, Danilo Macri, Miriam Formisano, Marco Tulipano, Israel Horovitz, Rodolf Sirera, Joaquima Faidella, Raymond Cousse, A.R.Gurney, Michael Frayn, Federico Garcia Lorca i Alfred Jarry. No obstant aix\u00f2, tamb\u00e9 ha fet obres de creaci\u00f3 pr\u00f2pia amb autories d\u2019Enric de la Heras, Joan Yago, Enric Ases, Mary Ram\u00edrez i Aina M. Gimeno.<\/h5>\n<p>[\/vc_column_text][\/vc_column_inner][\/vc_row_inner][vc_separator type=&#8221;transparent&#8221; up=&#8221;40&#8243; down=&#8221;40&#8243;][\/vc_column][\/vc_row][vc_row row_type=&#8221;parallax&#8221; parallax_content_width=&#8221;in_grid&#8221; text_align=&#8221;left&#8221; background_image=&#8221;192&#8243; full_screen_section_height=&#8221;no&#8221;][vc_column][vc_separator type=&#8221;transparent&#8221; up=&#8221;100&#8243; down=&#8221;70&#8243;][vc_column_text]<\/p>\n<h1 style=\"text-align: center; font-family: 'Oswald', sans-serif; font-size: 70px; font-weight: 600; text-transform: uppercase;\">Qu\u00e8 fem?<\/h1>\n<p>[\/vc_column_text][vc_separator type=&#8221;transparent&#8221; up=&#8221;70&#8243; down=&#8221;100&#8243;][\/vc_column][\/vc_row][vc_row css_animation=&#8221;&#8221; row_type=&#8221;row&#8221; use_row_as_full_screen_section=&#8221;no&#8221; type=&#8221;grid&#8221; angled_section=&#8221;no&#8221; text_align=&#8221;right&#8221; background_image_as_pattern=&#8221;without_pattern&#8221; background_color=&#8221;#eba128&#8243; z_index=&#8221;&#8221;][vc_column][vc_separator type=&#8221;transparent&#8221; up=&#8221;40&#8243; down=&#8221;40&#8243;][vc_column_text css=&#8221;.vc_custom_1540157395442{border-right-width: 10px !important;padding-right: 20px !important;border-right-color: #ffffff !important;border-right-style: solid !important;}&#8221;]<\/p>\n<h1>Espectacles i Festivals de Teresetes<\/h1>\n<h2>El\u00e0stic Nou Produccions<\/h2>\n<p>[\/vc_column_text][vc_separator type=&#8221;transparent&#8221; up=&#8221;20&#8243; down=&#8221;20&#8243;][vc_row_inner row_type=&#8221;row&#8221; type=&#8221;full_width&#8221; text_align=&#8221;left&#8221; css_animation=&#8221;&#8221;][vc_column_inner][vc_column_text css=&#8221;.vc_custom_1540157579330{border-left-width: 5px !important;padding-left: 20px !important;border-left-color: #ffffff !important;border-left-style: solid !important;}&#8221;]<\/p>\n<h5>Els seus espectacles han girat amb un gran reconeixement arreu de les Illes Balears i l\u2019Estat espanyol. Des de 2007 tamb\u00e9 forma part del programa educatiu Viu la Cultura, en el qual desenvolupa propostes de teatre en angl\u00e8s dirigides a un p\u00fablic infantil.<br \/>\nUna altra de les tasques m\u00e9s rellevants de la productora \u00e9s l\u2019organitzaci\u00f3 del Festival Internacional de Teatre de Teresetes de Mallorca des de 1999.<\/h5>\n<h5>A m\u00e9s, ha treballat en teatre de carrer dins la 1a i 2a Mostra de Cultura Popular de les Illes Balears dutes a terme a Sineu i a Santa Eul\u00e0lia del Riu(Eivissa) respectivament.<\/h5>\n<p>[\/vc_column_text][\/vc_column_inner][\/vc_row_inner][vc_separator type=&#8221;transparent&#8221; up=&#8221;40&#8243; down=&#8221;40&#8243;][\/vc_column][\/vc_row][vc_row row_type=&#8221;parallax&#8221; parallax_content_width=&#8221;in_grid&#8221; text_align=&#8221;left&#8221; background_image=&#8221;113&#8243; full_screen_section_height=&#8221;no&#8221;][vc_column][vc_separator type=&#8221;transparent&#8221; up=&#8221;100&#8243; down=&#8221;70&#8243;][vc_column_text]<\/p>\n<h1 style=\"text-align: center; font-family: 'Oswald', sans-serif; font-size: 70px; font-weight: 600; text-transform: uppercase;\">Parlem de Nosaltres<\/h1>\n<p>[\/vc_column_text][vc_separator type=&#8221;transparent&#8221; up=&#8221;70&#8243; down=&#8221;100&#8243;][\/vc_column][\/vc_row][vc_row css_animation=&#8221;&#8221; row_type=&#8221;row&#8221; use_row_as_full_screen_section=&#8221;no&#8221; type=&#8221;grid&#8221; angled_section=&#8221;no&#8221; text_align=&#8221;left&#8221; background_image_as_pattern=&#8221;without_pattern&#8221; background_color=&#8221;#eba128&#8243; z_index=&#8221;&#8221;][vc_column][vc_separator type=&#8221;transparent&#8221; up=&#8221;40&#8243; down=&#8221;40&#8243;][vc_column_text css=&#8221;.vc_custom_1531255326391{border-left-width: 10px !important;padding-left: 20px !important;border-left-color: #ffffff !important;border-left-style: solid !important;}&#8221;]<\/p>\n<h2><strong>Aina Mar\u00eda Gimeno<\/strong><\/h2>\n<h5><em>Actriu<\/em><\/h5>\n<p>[\/vc_column_text][vc_separator type=&#8221;transparent&#8221; up=&#8221;20&#8243; down=&#8221;20&#8243;][vc_row_inner row_type=&#8221;row&#8221; type=&#8221;full_width&#8221; text_align=&#8221;left&#8221; css_animation=&#8221;&#8221;][vc_column_inner width=&#8221;1\/2&#8243;][vc_single_image image=&#8221;357&#8243; img_size=&#8221;full&#8221; alignment=&#8221;center&#8221; qode_css_animation=&#8221;&#8221;][\/vc_column_inner][vc_column_inner width=&#8221;1\/2&#8243;][vc_column_text css=&#8221;.vc_custom_1531256124884{border-right-width: 5px !important;padding-right: 20px !important;border-right-color: #ffffff !important;border-right-style: solid !important;}&#8221;]<\/p>\n<p style=\"text-align: left;\"><em>Ha cursat estudis de formaci\u00f3 amb Raquel Racionero, Pau Mir\u00f3, Sanchis Sinisterra, Sergi Belbel, Richard Bradshaw, Tadeusz Wierzbicki, Sonia Ganza, Teresa Celis, Maica Folch, Leona Di Marco, Mona Beliz\u00e1n, Miquel De Marchi, entre d\u2019altres. L&#8217;any 1983 s&#8217;estrena en el m\u00f3n del teatre amb la companyia Imakines, a la vegada que porta a escena espectacles dirigits al p\u00fablic familiar. Des de l&#8217;any 2000 crea la companyia El\u00e0stic Nou Produccions i compagina les tasques d&#8217;actriu amb les de producci\u00f3, direcci\u00f3 i dramat\u00fargia. En la vessant de gesti\u00f3 organitza, des de 1999, el Festival Internacional de Teatre de Teresetes de Mallorca.<br \/>\n<\/em><\/p>\n<p>[\/vc_column_text][\/vc_column_inner][\/vc_row_inner][\/vc_column][\/vc_row][vc_row css_animation=&#8221;&#8221; row_type=&#8221;row&#8221; use_row_as_full_screen_section=&#8221;no&#8221; type=&#8221;grid&#8221; angled_section=&#8221;no&#8221; text_align=&#8221;left&#8221; background_image_as_pattern=&#8221;without_pattern&#8221; background_color=&#8221;#eba128&#8243; z_index=&#8221;&#8221;][vc_column][vc_separator type=&#8221;normal&#8221; color=&#8221;#ffffff&#8221; up=&#8221;80&#8243; down=&#8221;80&#8243;][\/vc_column][\/vc_row][vc_row css_animation=&#8221;&#8221; row_type=&#8221;row&#8221; use_row_as_full_screen_section=&#8221;no&#8221; type=&#8221;grid&#8221; angled_section=&#8221;no&#8221; text_align=&#8221;left&#8221; background_image_as_pattern=&#8221;without_pattern&#8221; background_color=&#8221;#eba128&#8243; z_index=&#8221;&#8221;][vc_column][vc_column_text css=&#8221;.vc_custom_1531255769654{border-right-width: 10px !important;padding-right: 20px !important;border-right-color: #ffffff !important;border-right-style: solid !important;}&#8221;]<\/p>\n<h2 style=\"text-align: right;\"><strong>Mary Ram\u00edrez<\/strong><\/h2>\n<h5 style=\"text-align: right;\"><em>Actriu i cantant<br \/>\n<\/em><\/h5>\n<p>[\/vc_column_text][vc_separator type=&#8221;transparent&#8221; up=&#8221;20&#8243; down=&#8221;20&#8243;][vc_row_inner row_type=&#8221;row&#8221; type=&#8221;full_width&#8221; text_align=&#8221;left&#8221; css_animation=&#8221;&#8221;][vc_column_inner width=&#8221;1\/2&#8243;][vc_column_text css=&#8221;.vc_custom_1531256091092{border-left-width: 5px !important;padding-left: 20px !important;border-left-color: #ffffff !important;border-left-style: solid !important;}&#8221;]<\/p>\n<p style=\"text-align: left;\"><em>Diploma a l&#8217;Escola de Teatre Xavier Gratac\u00f3s de Barcelona. Forma part d&#8217;El\u00e0stic Nou Produccions com a actriu, clown i teresetera. Tamb\u00e9 ha participat en espectacles d&#8217;altres companyies: Sargantana, d&#8217;Iguana Teatre; Resderes en Blanc; Disset Teatre i la companyia de dansa Baal. Ha treballat com a actriu de televisi\u00f3 a Boca Boca Produccions i Mosaic Produccions, aix\u00ed com tamb\u00e9 ha participat en els diferents llargmetratges i curtmetratges de Daniel Monz\u00f3n, Rafa Cort\u00e9s, Toni Nivas i Ivo Erasmo. En la vessant de cantant ha estat vocalista de les bandes Les Rusters i Blackpool. Molta experi\u00e8ncia en el teatre did\u00e0ctic en angl\u00e8s i com a professora d&#8217;angl\u00e8s amb eines teatrals.<br \/>\n<\/em><\/p>\n<p>[\/vc_column_text][\/vc_column_inner][vc_column_inner width=&#8221;1\/2&#8243;][vc_single_image image=&#8221;370&#8243; img_size=&#8221;full&#8221; alignment=&#8221;center&#8221; qode_css_animation=&#8221;&#8221;][\/vc_column_inner][\/vc_row_inner][vc_separator type=&#8221;transparent&#8221; up=&#8221;40&#8243; down=&#8221;40&#8243;][\/vc_column][\/vc_row][vc_row css_animation=&#8221;&#8221; row_type=&#8221;row&#8221; use_row_as_full_screen_section=&#8221;no&#8221; type=&#8221;grid&#8221; angled_section=&#8221;no&#8221; text_align=&#8221;left&#8221; background_image_as_pattern=&#8221;without_pattern&#8221; background_color=&#8221;#262626&#8243; z_index=&#8221;&#8221;][vc_column][vc_separator type=&#8221;transparent&#8221; up=&#8221;20&#8243; down=&#8221;20&#8243;][vc_single_image image=&#8221;10&#8243; img_size=&#8221;full&#8221; alignment=&#8221;center&#8221; qode_css_animation=&#8221;&#8221;][vc_separator type=&#8221;transparent&#8221; up=&#8221;20&#8243; down=&#8221;20&#8243;][\/vc_column][\/vc_row][vc_row css_animation=&#8221;&#8221; row_type=&#8221;row&#8221; use_row_as_full_screen_section=&#8221;no&#8221; type=&#8221;grid&#8221; angled_section=&#8221;no&#8221; text_align=&#8221;center&#8221; background_image_as_pattern=&#8221;without_pattern&#8221; background_color=&#8221;#262626&#8243; z_index=&#8221;&#8221;][vc_column width=&#8221;1\/3&#8243;][\/vc_column][vc_column width=&#8221;1\/3&#8243;][vc_row_inner row_type=&#8221;row&#8221; type=&#8221;full_width&#8221; text_align=&#8221;center&#8221; css_animation=&#8221;&#8221;][vc_column_inner width=&#8221;1\/4&#8243;][social_icons type=&#8221;square_social&#8221; icon=&#8221;fa-facebook&#8221; use_custom_size=&#8221;no&#8221; size=&#8221;fa-3x&#8221; link=&#8221;https:\/\/www.facebook.com\/elasticnou.produccions&#8221; target=&#8221;_blank&#8221; border_radius=&#8221;4&#8243; icon_color=&#8221;#ffffff&#8221; icon_hover_color=&#8221;#0099ff&#8221; background_hover_color=&#8221;#262626&#8243; background_color=&#8221;#262626&#8243;][\/vc_column_inner][vc_column_inner width=&#8221;1\/4&#8243;][social_icons type=&#8221;square_social&#8221; icon=&#8221;fa-twitter&#8221; use_custom_size=&#8221;no&#8221; size=&#8221;fa-3x&#8221; link=&#8221;https:\/\/twitter.com\/FestTeresetes&#8221; target=&#8221;_blank&#8221; border_radius=&#8221;4&#8243; icon_color=&#8221;#ffffff&#8221; icon_hover_color=&#8221;#0099ff&#8221; background_color=&#8221;#262626&#8243; background_hover_color=&#8221;#262626&#8243;][\/vc_column_inner][vc_column_inner width=&#8221;1\/4&#8243;][social_icons type=&#8221;square_social&#8221; icon=&#8221;fa-instagram&#8221; use_custom_size=&#8221;no&#8221; size=&#8221;fa-3x&#8221; link=&#8221;https:\/\/www.instagram.com\/festivalteresetes\/&#8221; target=&#8221;_blank&#8221; border_radius=&#8221;4&#8243; icon_color=&#8221;#ffffff&#8221; icon_hover_color=&#8221;#0099ff&#8221; background_hover_color=&#8221;#262626&#8243; background_color=&#8221;#262626&#8243;][\/vc_column_inner][vc_column_inner width=&#8221;1\/4&#8243;][social_icons type=&#8221;square_social&#8221; icon=&#8221;fa-envelope&#8221; use_custom_size=&#8221;no&#8221; size=&#8221;fa-3x&#8221; link=&#8221;mailto:elasticnou@gmail.com&#8221; target=&#8221;_blank&#8221; border_radius=&#8221;4&#8243; icon_color=&#8221;#ffffff&#8221; icon_hover_color=&#8221;#0099ff&#8221; background_color=&#8221;#262626&#8243;][\/vc_column_inner][\/vc_row_inner][vc_separator type=&#8221;transparent&#8221; up=&#8221;20&#8243; down=&#8221;20&#8243;][\/vc_column][vc_column width=&#8221;1\/3&#8243;][\/vc_column][\/vc_row][vc_row css_animation=&#8221;&#8221; row_type=&#8221;row&#8221; use_row_as_full_screen_section=&#8221;no&#8221; type=&#8221;grid&#8221; angled_section=&#8221;no&#8221; text_align=&#8221;left&#8221; background_image_as_pattern=&#8221;without_pattern&#8221; background_color=&#8221;#262626&#8243; z_index=&#8221;&#8221;][vc_column][vc_separator type=&#8221;normal&#8221; color=&#8221;#ffffff&#8221; up=&#8221;20&#8243; down=&#8221;40&#8243;][vc_row_inner row_type=&#8221;row&#8221; type=&#8221;grid&#8221; text_align=&#8221;left&#8221; css_animation=&#8221;&#8221;][vc_column_inner width=&#8221;1\/6&#8243;][vc_custom_heading text=&#8221;Inici&#8221; font_container=&#8221;tag:h5|text_align:center|color:%23ffffff&#8221; google_fonts=&#8221;font_family:Roboto%3A100%2C100italic%2C300%2C300italic%2Cregular%2Citalic%2C500%2C500italic%2C700%2C700italic%2C900%2C900italic|font_style:300%20light%20regular%3A300%3Anormal&#8221; link=&#8221;url:https%3A%2F%2Felasticnou.cat%2F|||&#8221;][\/vc_column_inner][vc_column_inner width=&#8221;1\/6&#8243;][vc_custom_heading text=&#8221;Qui Som?&#8221; font_container=&#8221;tag:h5|text_align:center|color:%23ffffff&#8221; google_fonts=&#8221;font_family:Roboto%3A100%2C100italic%2C300%2C300italic%2Cregular%2Citalic%2C500%2C500italic%2C700%2C700italic%2C900%2C900italic|font_style:300%20light%20regular%3A300%3Anormal&#8221; link=&#8221;url:https%3A%2F%2Felasticnou.cat%2Fqui-som%2F|||&#8221;][\/vc_column_inner][vc_column_inner width=&#8221;1\/6&#8243;][vc_custom_heading text=&#8221;En Cartell&#8221; font_container=&#8221;tag:h5|text_align:center|color:%23ffffff&#8221; google_fonts=&#8221;font_family:Roboto%3A100%2C100italic%2C300%2C300italic%2Cregular%2Citalic%2C500%2C500italic%2C700%2C700italic%2C900%2C900italic|font_style:300%20light%20regular%3A300%3Anormal&#8221; link=&#8221;url:https%3A%2F%2Felasticnou.cat%2Fen-cartell%2F|||&#8221;][\/vc_column_inner][vc_column_inner width=&#8221;1\/6&#8243;][vc_custom_heading text=&#8221;Anteriors&#8221; font_container=&#8221;tag:h5|text_align:center|color:%23ffffff&#8221; google_fonts=&#8221;font_family:Roboto%3A100%2C100italic%2C300%2C300italic%2Cregular%2Citalic%2C500%2C500italic%2C700%2C700italic%2C900%2C900italic|font_style:300%20light%20regular%3A300%3Anormal&#8221; link=&#8221;url:https%3A%2F%2Felasticnou.cat%2Fanteriors%2F|||&#8221;][\/vc_column_inner][vc_column_inner width=&#8221;1\/6&#8243;][vc_custom_heading text=&#8221;Festival&#8221; font_container=&#8221;tag:h5|text_align:center|color:%23ffffff&#8221; google_fonts=&#8221;font_family:Roboto%3A100%2C100italic%2C300%2C300italic%2Cregular%2Citalic%2C500%2C500italic%2C700%2C700italic%2C900%2C900italic|font_style:300%20light%20regular%3A300%3Anormal&#8221; link=&#8221;url:https%3A%2F%2Felasticnou.cat%2Ffestival%2F|||&#8221;][\/vc_column_inner][vc_column_inner width=&#8221;1\/6&#8243;][vc_custom_heading text=&#8221;Contacte&#8221; font_container=&#8221;tag:h5|text_align:center|color:%23ffffff&#8221; google_fonts=&#8221;font_family:Roboto%3A100%2C100italic%2C300%2C300italic%2Cregular%2Citalic%2C500%2C500italic%2C700%2C700italic%2C900%2C900italic|font_style:300%20light%20regular%3A300%3Anormal&#8221; link=&#8221;url:https%3A%2F%2Felasticnou.cat%2Fcontacte%2F|||&#8221;][\/vc_column_inner][\/vc_row_inner][vc_separator type=&#8221;normal&#8221; color=&#8221;#ffffff&#8221; up=&#8221;50&#8243; down=&#8221;50&#8243;][\/vc_column][\/vc_row]<\/p>\n","protected":false},"excerpt":{"rendered":"<p>[vc_row css_animation=&#8221;&#8221; row_type=&#8221;row&#8221; use_row_as_full_screen_section=&#8221;no&#8221; type=&#8221;grid&#8221; angled_section=&#8221;no&#8221; text_align=&#8221;left&#8221; background_image_as_pattern=&#8221;without_pattern&#8221; background_color=&#8221;#eba128&#8243; z_index=&#8221;&#8221;][vc_column][vc_separator type=&#8221;transparent&#8221; up=&#8221;40&#8243; down=&#8221;40&#8243;][vc_column_text css=&#8221;.vc_custom_1540157353191{border-left-width: 10px !important;padding-left: 20px !important;border-left-color: #ffffff !important;border-left-style: solid !important;}&#8221;] La nostra hist\u00f2ria El\u00e0stic Nou Produccions [\/vc_column_text][vc_separator type=&#8221;transparent&#8221; up=&#8221;20&#8243; down=&#8221;20&#8243;][vc_row_inner row_type=&#8221;row&#8221; type=&#8221;full_width&#8221; text_align=&#8221;left&#8221; css_animation=&#8221;&#8221;][vc_column_inner][vc_column_text css=&#8221;.vc_custom_1523370605978{border-right-width: 5px !important;padding-right: 20px !important;border-right-color: #ffffff !important;border-right-style: solid !important;}&#8221;]&#8230;<\/p>\n","protected":false},"author":1,"featured_media":0,"parent":0,"menu_order":0,"comment_status":"closed","ping_status":"closed","template":"full_width.php","meta":{"footnotes":""},"class_list":["post-11","page","type-page","status-publish","hentry"],"_links":{"self":[{"href":"https:\/\/elasticnou.cat\/index.php?rest_route=\/wp\/v2\/pages\/11","targetHints":{"allow":["GET"]}}],"collection":[{"href":"https:\/\/elasticnou.cat\/index.php?rest_route=\/wp\/v2\/pages"}],"about":[{"href":"https:\/\/elasticnou.cat\/index.php?rest_route=\/wp\/v2\/types\/page"}],"author":[{"embeddable":true,"href":"https:\/\/elasticnou.cat\/index.php?rest_route=\/wp\/v2\/users\/1"}],"replies":[{"embeddable":true,"href":"https:\/\/elasticnou.cat\/index.php?rest_route=%2Fwp%2Fv2%2Fcomments&post=11"}],"version-history":[{"count":5,"href":"https:\/\/elasticnou.cat\/index.php?rest_route=\/wp\/v2\/pages\/11\/revisions"}],"predecessor-version":[{"id":462,"href":"https:\/\/elasticnou.cat\/index.php?rest_route=\/wp\/v2\/pages\/11\/revisions\/462"}],"wp:attachment":[{"href":"https:\/\/elasticnou.cat\/index.php?rest_route=%2Fwp%2Fv2%2Fmedia&parent=11"}],"curies":[{"name":"wp","href":"https:\/\/api.w.org\/{rel}","templated":true}]}}